{"id":20827,"date":"2022-10-14T10:00:57","date_gmt":"2022-10-14T09:00:57","guid":{"rendered":"https:\/\/www.unyp.cz\/?page_id=20827"},"modified":"2026-01-02T17:11:51","modified_gmt":"2026-01-02T16:11:51","slug":"mba-koncentrace","status":"publish","type":"page","link":"https:\/\/www.unyp.cz\/cs\/magisterske-programy\/mba-koncentrace\/","title":{"rendered":"Master of\u00a0Business Administration (MBA) Koncentrace"},"content":{"rendered":"\n<h4 class=\"wp-block-heading\" id=\"h-rychle-odkazy\"><strong>Rychl\u00e9 odkazy:<\/strong> <\/h4>\n\n\n\n<ul class=\"wp-block-list\">\n<li><a href=\"#h-specializace-mba-v-managementu\">Management<\/a><\/li>\n\n\n\n<li><a href=\"#h-specializace-mba-ve-financich\">Finance<\/a><\/li>\n\n\n\n<li><a href=\"#h-specializace-mba-v-neuromanagementu\">Neuromanagement<\/a><\/li>\n\n\n\n<li><a href=\"#h-specializace-mba-v-podnikani\">Entrepreneurship<\/a><\/li>\n\n\n\n<li><a href=\"#h-specializace-mba-v-marketingu\">Marketing<\/a><\/li>\n\n\n\n<li><a href=\"#h-specializace-mba-v-global-business-services\">Global Business Services<\/a><\/li>\n<\/ul>\n\n\n\n<hr class=\"wp-block-separator has-alpha-channel-opacity\"\/>\n\n\n\n<h2 class=\"wp-block-heading\" id=\"h-prizpusobte-sve-mba-budoucnosti-kterou-chcete\"><strong>P\u0159izp\u016fsobte sv\u00e9 MBA budoucnosti, kterou chcete<\/strong><\/h2>\n\n\n\n<p>Na UNYP nen\u00ed MBA univerz\u00e1ln\u00ed bal\u00ed\u010dek pro ka\u017ed\u00e9ho. Pot\u00e9, co si vybudujete pevn\u00e9 z\u00e1klady v hlavn\u00edch obchodn\u00edch discipl\u00edn\u00e1ch, si vyberete <strong>specializaci, kter\u00e1 v\u00e1m umo\u017en\u00ed prohloubit odborn\u00e9 znalosti<\/strong> v oblasti, kter\u00e1 v\u00e1s nejv\u00edce zaj\u00edm\u00e1 \u2013 a\u0165 u\u017e jde o <strong>veden\u00ed lid\u00ed, roz\u0161i\u0159ov\u00e1n\u00ed organizac\u00ed, \u0159\u00edzen\u00ed inovac\u00ed, porozum\u011bn\u00ed lidsk\u00e9mu chov\u00e1n\u00ed, ovl\u00e1dnut\u00ed finan\u010dn\u00ed strategie nebo formov\u00e1n\u00ed glob\u00e1ln\u00edch servisn\u00edch operac\u00ed.<\/strong><\/p>\n\n\n\n<p>Ka\u017ed\u00e1 specializace nab\u00edz\u00ed pokro\u010dil\u00e9 kurzy zam\u011b\u0159en\u00e9 na kari\u00e9ru a praktick\u00e9 projekty, kter\u00e9 v\u00e1m pomohou absolvovat nejen s <strong>mezin\u00e1rodn\u011b uzn\u00e1van\u00fdm titulem MBA<\/strong>, ale tak\u00e9 s jasn\u00fdm profesn\u00edm profilem a p\u0159\u00edb\u011bhem, kter\u00fd v\u00e1s odli\u0161\u00ed.<\/p>\n\n\n\n<figure class=\"wp-block-image size-large\"><img data-opt-id=2129911174  fetchpriority=\"high\" decoding=\"async\" width=\"1400\" height=\"933\" src=\"https:\/\/mlgfjgj9j0su.i.optimole.com\/w:1400\/h:933\/q:mauto\/f:best\/https:\/\/www.unyp.cz\/wp-content\/uploads\/2025\/12\/660a8721.jpg\" alt=\"\" class=\"wp-image-72332\" srcset=\"https:\/\/mlgfjgj9j0su.i.optimole.com\/w:1400\/h:933\/q:mauto\/f:best\/https:\/\/www.unyp.cz\/wp-content\/uploads\/2025\/12\/660a8721-scaled.jpg 1400w, https:\/\/mlgfjgj9j0su.i.optimole.com\/w:300\/h:200\/q:mauto\/f:best\/https:\/\/www.unyp.cz\/wp-content\/uploads\/2025\/12\/660a8721-scaled.jpg 300w, https:\/\/mlgfjgj9j0su.i.optimole.com\/w:150\/h:100\/q:mauto\/f:best\/https:\/\/www.unyp.cz\/wp-content\/uploads\/2025\/12\/660a8721-scaled.jpg 150w, https:\/\/mlgfjgj9j0su.i.optimole.com\/w:768\/h:512\/q:mauto\/f:best\/https:\/\/www.unyp.cz\/wp-content\/uploads\/2025\/12\/660a8721-scaled.jpg 768w, https:\/\/mlgfjgj9j0su.i.optimole.com\/w:1536\/h:1024\/q:mauto\/f:best\/https:\/\/www.unyp.cz\/wp-content\/uploads\/2025\/12\/660a8721-scaled.jpg 1536w, https:\/\/mlgfjgj9j0su.i.optimole.com\/w:1920\/h:1279\/q:mauto\/f:best\/https:\/\/www.unyp.cz\/wp-content\/uploads\/2025\/12\/660a8721-scaled.jpg 2048w\" sizes=\"(max-width: 1000px) 100vw, 1000px\" \/><\/figure>\n\n\n\n<div style=\"height:11px\" aria-hidden=\"true\" class=\"wp-block-spacer\"><\/div>\n\n\n\n<h2 class=\"wp-block-heading\" id=\"h-o-programu-mba-na-unyp\"><strong>O programu MBA na UNYP<\/strong><\/h2>\n\n\n\n<ul class=\"wp-block-list\">\n<li><strong>Akreditace:<\/strong> MBA program UNYP je akreditov\u00e1n organizac\u00ed International Accreditation Council for Business Education (IACBE).<\/li>\n\n\n\n<li><strong>Form\u00e1t:<\/strong> 19m\u011bs\u00ed\u010dn\u00ed program vyu\u010dovan\u00fd pln\u011b v angli\u010dtin\u011b.<\/li>\n\n\n\n<li><strong>Struktura:<\/strong> Z\u00e1kladn\u00ed kurzy MBA a vybran\u00e1 specializace.<\/li>\n\n\n\n<li><strong>V\u00fdsledek:<\/strong> Glob\u00e1ln\u011b relevantn\u00ed titul MBA pos\u00edlen\u00fd o hlubok\u00e9 znalosti ve va\u0161em zvolen\u00e9m oboru.<\/li>\n<\/ul>\n\n\n\n<hr class=\"wp-block-separator has-alpha-channel-opacity\"\/>\n\n\n\n<h2 class=\"wp-block-heading\" id=\"h-specializace-mba-v-managementu\">\ud83d\udd37 <strong>Specializace MBA v Managementu<\/strong><\/h2>\n\n\n\n<h3 class=\"wp-block-heading\" id=\"h-od-spravy-ukolu-po-vedeni-tymu-a-strategii\"><strong>Od spr\u00e1vy \u00fakol\u016f po veden\u00ed t\u00fdm\u016f a strategi\u00ed<\/strong> <\/h3>\n\n\n\n<p>Specializace Management je ur\u010dena pro profesion\u00e1ly, kte\u0159\u00ed cht\u011bj\u00ed pozvednout sv\u00e9 v\u016fd\u010d\u00ed schopnosti a v\u00e9st organizace obdob\u00edm r\u016fstu a zm\u011bn. Zam\u011b\u0159uje se na strategick\u00e9 my\u0161len\u00ed, organiza\u010dn\u00ed chov\u00e1n\u00ed, \u0159\u00edzen\u00ed zm\u011bn a veden\u00ed t\u00fdm\u016f.<\/p>\n\n\n\n<ul class=\"wp-block-list\">\n<li><strong>Kl\u00ed\u010dov\u00e9 siln\u00e9 str\u00e1nky:<\/strong> Strategick\u00e9 veden\u00ed | Organiza\u010dn\u00ed zm\u011bna | Rozhodov\u00e1n\u00ed | Management lid\u00ed<\/li>\n\n\n\n<li><strong>P\u0159\u00edklady kurz\u016f:<\/strong> Strategick\u00fd management | \u0158\u00edzen\u00ed zm\u011bn | Leadership v organizac\u00edch | Mana\u017eersk\u00e9 rozhodov\u00e1n\u00ed<\/li>\n\n\n\n<li><strong>Kari\u00e9rn\u00ed cesty:<\/strong> Gener\u00e1ln\u00ed mana\u017eer | Provozn\u00ed mana\u017eer | Strategick\u00fd konzultant | Mana\u017eer rozvoje obchodu | Vedouc\u00ed projektu<\/li>\n<\/ul>\n\n\n\n<hr class=\"wp-block-separator has-alpha-channel-opacity\"\/>\n\n\n\n<h2 class=\"wp-block-heading\" id=\"h-specializace-mba-ve-financich\">\ud83d\udd37<strong> Specializace MBA ve Financ\u00edch<\/strong><\/h2>\n\n\n\n<h3 class=\"wp-block-heading\" id=\"h-vybudujte-si-financni-odbornost-pro-strategicka-obchodni-rozhodnuti\"><strong>Vybudujte si finan\u010dn\u00ed odbornost pro strategick\u00e1 obchodn\u00ed rozhodnut\u00ed<\/strong><\/h3>\n\n\n\n<p>Specializace Finance v\u00e1s vybav\u00ed pokro\u010dil\u00fdmi znalostmi finan\u010dn\u00ed anal\u00fdzy, trh\u016f, podnikov\u00fdch financ\u00ed a \u0159\u00edzen\u00ed rizik. Nau\u010d\u00edte se, jak finan\u010dn\u00ed rozhodnut\u00ed formuj\u00ed strategii organizace a jej\u00ed dlouhodobou v\u00fdkonnost.<\/p>\n\n\n\n<ul class=\"wp-block-list\">\n<li><strong>Kl\u00ed\u010dov\u00e9 siln\u00e9 str\u00e1nky:<\/strong> Finan\u010dn\u00ed anal\u00fdza | Investi\u010dn\u00ed strategie | Podnikov\u00e9 finance | \u0158\u00edzen\u00ed rizik<\/li>\n\n\n\n<li><strong>P\u0159\u00edklady kurz\u016f:<\/strong> Mezin\u00e1rodn\u00ed obchod, finance a investice | Podnikatelsk\u00e9 finance: Venture kapit\u00e1l a Private equity | Finan\u010dn\u00ed strategie<\/li>\n\n\n\n<li><strong>Kari\u00e9rn\u00ed cesty:<\/strong> Finan\u010dn\u00ed analytik | Investi\u010dn\u00ed analytik | Mana\u017eer podnikov\u00fdch financ\u00ed | Mana\u017eer rizik | Specialista na spr\u00e1vu portfolia nebo aktiv<\/li>\n<\/ul>\n\n\n\n<hr class=\"wp-block-separator has-alpha-channel-opacity\"\/>\n\n\n\n<h2 class=\"wp-block-heading\" id=\"h-specializace-mba-v-neuromanagementu\">\ud83d\udd37 <strong>Specializace MBA v Neuromanagementu<\/strong><\/h2>\n\n\n\n<h3 class=\"wp-block-heading\" id=\"h-vyuzijte-vedu-o-mozku-k-transformaci-vedeni-a-zmen\"><strong>Vyu\u017eijte v\u011bdu o mozku k transformaci veden\u00ed a zm\u011bn<\/strong> <\/h3>\n\n\n\n<p>Neuromanagement propojuje neurov\u011bdu a byznys a zkoum\u00e1, jak mozek ovliv\u0148uje rozhodov\u00e1n\u00ed, motivaci, leadership a organiza\u010dn\u00ed chov\u00e1n\u00ed. Je ide\u00e1ln\u00ed pro ty, kte\u0159\u00ed cht\u011bj\u00ed k \u0159\u00edzen\u00ed lid\u00ed a veden\u00ed zm\u011bn p\u0159istupovat na z\u00e1klad\u011b v\u011bdeck\u00fdch poznatk\u016f.<\/p>\n\n\n\n<ul class=\"wp-block-list\">\n<li><strong>Kl\u00ed\u010dov\u00e9 siln\u00e9 str\u00e1nky:<\/strong> Neuroleadership | Behavior\u00e1ln\u00ed poznatky | Emo\u010dn\u00ed inteligence | Neurov\u011bda rozhodov\u00e1n\u00ed<\/li>\n\n\n\n<li><strong>P\u0159\u00edklady kurz\u016f:<\/strong> Neuromarketing | Neuroleadership | Strategick\u00e9 p\u0159edv\u00edd\u00e1n\u00ed a neurov\u011bda<\/li>\n\n\n\n<li><strong>Kari\u00e9rn\u00ed cesty:<\/strong> Konzultant organiza\u010dn\u00edho rozvoje | Executive coach | Specialista na leadership | Leader v oblasti HR a rozvoje lid\u00ed | Mana\u017eer transformace<\/li>\n<\/ul>\n\n\n\n<figure class=\"wp-block-embed is-type-video is-provider-youtube wp-block-embed-youtube wp-embed-aspect-16-9 wp-has-aspect-ratio\"><div class=\"wp-block-embed__wrapper\">\n<iframe title=\"Not Your Typical MBA Class: Neuromarketing &amp; Leadership course at UNYP\" width=\"500\" height=\"281\" src=\"https:\/\/www.youtube.com\/embed\/yUbrXrXRzVw?feature=oembed\" frameborder=\"0\" allow=\"accelerometer; autoplay; clipboard-write; encrypted-media; gyroscope; picture-in-picture; web-share\" referrerpolicy=\"strict-origin-when-cross-origin\" allowfullscreen><\/iframe>\n<\/div><\/figure>\n\n\n\n<h2 class=\"wp-block-heading\" id=\"h-specializace-mba-v-podnikani\">\ud83d\udd37 <strong>Specializace MBA v Podnik\u00e1n\u00ed <\/strong><\/h2>\n\n\n\n<h3 class=\"wp-block-heading\" id=\"h-promente-napady-v-prosperujici-podniky\"><strong>Prom\u011b\u0148te n\u00e1pady v prosperuj\u00edc\u00ed podniky<\/strong> <\/h3>\n\n\n\n<p>Tato specializace p\u0159ipravuje budouc\u00ed zakladatele, inov\u00e1tory a tv\u016frce byznysu na p\u0159em\u011bnu p\u0159\u00edle\u017eitost\u00ed v udr\u017eiteln\u00e9 podniky. Nau\u010d\u00edte se navrhovat obchodn\u00ed modely, validovat n\u00e1pady, zaji\u0161\u0165ovat financov\u00e1n\u00ed a \u0161k\u00e1lovat nov\u00e9 produkty \u010di slu\u017eby.<\/p>\n\n\n\n<ul class=\"wp-block-list\">\n<li><strong>Kl\u00ed\u010dov\u00e9 siln\u00e9 str\u00e1nky:<\/strong> Zakl\u00e1d\u00e1n\u00ed nov\u00fdch podnik\u016f | Inova\u010dn\u00ed strategie | Podnikatelsk\u00e9 finance | Validace trhu<\/li>\n\n\n\n<li><strong>P\u0159\u00edklady kurz\u016f:<\/strong> Podnikatelsk\u00e9 finance: Venture kapit\u00e1l a Private equity | Mezin\u00e1rodn\u00ed obchod, finance a investice nebo Prodej a vyjedn\u00e1v\u00e1n\u00ed | Brand management<\/li>\n\n\n\n<li><strong>Kari\u00e9rn\u00ed cesty:<\/strong> Zakladatel startupu | Mana\u017eer inovac\u00ed | Vedouc\u00ed rozvoje podniku | Entrepreneur in Residence | Konzultant pro mal\u00e9 a st\u0159edn\u00ed podniky<\/li>\n<\/ul>\n\n\n\n<hr class=\"wp-block-separator has-alpha-channel-opacity\"\/>\n\n\n\n<h2 class=\"wp-block-heading\" id=\"h-specializace-mba-v-marketingu\">\ud83d\udd37 <strong>Specializace MBA v Marketingu<\/strong><\/h2>\n\n\n\n<h3 class=\"wp-block-heading\" id=\"h-posunte-svou-marketingovou-karieru-ve-svete-znacek-dat-a-digitalnich-zazitku\"><strong>Posu\u0148te svou marketingovou kari\u00e9ru ve sv\u011bt\u011b zna\u010dek, dat a digit\u00e1ln\u00edch z\u00e1\u017eitk\u016f<\/strong> <\/h3>\n\n\n\n<p>Marketingov\u00e1 specializace se zam\u011b\u0159uje na to, jak organizace rozum\u00ed z\u00e1kazn\u00edk\u016fm, jak pozicionuj\u00ed zna\u010dky, vyv\u00edjej\u00ed strategie a konkuruj\u00ed ve st\u00e1le digit\u00e1ln\u011bj\u0161\u00edm sv\u011bt\u011b. Z\u00edsk\u00e1te odbornost v strategick\u00e9m marketingu, spot\u0159ebitelsk\u00e9m chov\u00e1n\u00ed a integrovan\u00e9 komunikaci.<\/p>\n\n\n\n<ul class=\"wp-block-list\">\n<li><strong>Kl\u00ed\u010dov\u00e9 siln\u00e9 str\u00e1nky:<\/strong> Strategie zna\u010dky | Spot\u0159ebitelsk\u00e9 poznatky | Digit\u00e1ln\u00ed marketing | Pr\u016fzkum trhu<\/li>\n\n\n\n<li><strong>P\u0159\u00edklady kurz\u016f:<\/strong> Brand management | Neuromarketing a spot\u0159ebitelsk\u00e9 chov\u00e1n\u00ed | Prodej a vyjedn\u00e1v\u00e1n\u00ed<\/li>\n\n\n\n<li><strong>Kari\u00e9rn\u00ed cesty:<\/strong> Marketingov\u00fd mana\u017eer | Strat\u00e9g zna\u010dky | Vedouc\u00ed digit\u00e1ln\u00edho marketingu | Product marketing manager | Role sm\u011b\u0159uj\u00edc\u00ed k pozici CMO<\/li>\n<\/ul>\n\n\n\n<hr class=\"wp-block-separator has-alpha-channel-opacity\"\/>\n\n\n\n<h2 class=\"wp-block-heading\" id=\"h-specializace-mba-v-global-business-services\">\ud83d\udd37 <strong>Specializace MBA v Global Business Services<\/strong><\/h2>\n\n\n\n<h3 class=\"wp-block-heading\" id=\"h-vedte-a-inovujte-v-ramci-globalnich-servisnich-operaci\"><strong>Ve\u010fte a inovujte v r\u00e1mci glob\u00e1ln\u00edch servisn\u00edch operac\u00ed<\/strong> <\/h3>\n\n\n\n<p>Tato specializace, nab\u00edzen\u00e1 ve spolupr\u00e1ci s Asociac\u00ed l\u00eddr\u016f podnikov\u00fdch slu\u017eeb (ABSL), je \u0161it\u00e1 na m\u00edru profesion\u00e1l\u016fm pracuj\u00edc\u00edm ve sd\u00edlen\u00fdch slu\u017eb\u00e1ch, BPO, digit\u00e1ln\u00edch operac\u00edch a nadn\u00e1rodn\u00edm servisn\u00edm prost\u0159ed\u00ed. Zam\u011b\u0159uje se na modely poskytov\u00e1n\u00ed slu\u017eeb, procesn\u00ed excelenci, digit\u00e1ln\u00ed transformaci a veden\u00ed glob\u00e1ln\u00edch t\u00fdm\u016f.<\/p>\n\n\n\n<ul class=\"wp-block-list\">\n<li><strong>Kl\u00ed\u010dov\u00e9 siln\u00e9 str\u00e1nky:<\/strong> Servisn\u00ed operace | Optimalizace proces\u016f | Digit\u00e1ln\u00ed transformace | Veden\u00ed glob\u00e1ln\u00edch t\u00fdm\u016f<\/li>\n\n\n\n<li><strong>P\u0159\u00edklady kurz\u016f:<\/strong> Strategie sd\u00edlen\u00fdch slu\u017eeb | \u0158\u00edzen\u00ed obchodn\u00edch proces\u016f | Project management pro glob\u00e1ln\u00ed operace | Talent leadership pro servisn\u00ed organizace<\/li>\n\n\n\n<li><strong>Kari\u00e9rn\u00ed cesty:<\/strong> \u0158editel sd\u00edlen\u00fdch slu\u017eeb | Glob\u00e1ln\u00ed provozn\u00ed mana\u017eer | Konzultant pro zlep\u0161ov\u00e1n\u00ed proces\u016f | Vedouc\u00ed transformace | Mana\u017eer pro outsourcing a dodavatele<\/li>\n<\/ul>\n\n\n\n<figure class=\"wp-block-image alignleft size-full is-resized\"><img data-opt-id=2059527017  fetchpriority=\"high\" decoding=\"async\" src=\"https:\/\/mlgfjgj9j0su.i.optimole.com\/w:auto\/h:auto\/q:mauto\/f:best\/https:\/\/www.unyp.cz\/wp-content\/uploads\/2025\/04\/absl_logo_cmyk_full_twitter.jpg\" alt=\"\" class=\"wp-image-62746\" style=\"aspect-ratio:1.1506640595241118;width:163px;height:auto\"\/><\/figure>\n\n\n\n<p><strong>O ABSL:<\/strong> Asociace l\u00eddr\u016f podnikov\u00fdch slu\u017eeb (ABSL) je p\u0159edn\u00ed organizace zastupuj\u00edc\u00ed <strong>sektor podnikov\u00fdch slu\u017eeb v \u010cesk\u00e9 republice<\/strong>. S v\u00edce ne\u017e 100 \u010dlensk\u00fdmi spole\u010dnostmi (v\u010detn\u011b firem z Fortune 500) poh\u00e1n\u00ed inovace, vzd\u011bl\u00e1v\u00e1n\u00ed a osv\u011bd\u010den\u00e9 postupy v cel\u00e9m regionu st\u0159edn\u00ed Evropy. Jako student MBA na UNYP z\u00edsk\u00e1te exkluzivn\u00ed p\u0159\u00edstup ke <strong>znalostem ABSL, akc\u00edm, mentoringu a p\u0159\u00edm\u00e9 spolupr\u00e1ci s l\u00eddry v oboru<\/strong>.<\/p>\n\n\n\n<hr class=\"wp-block-separator has-alpha-channel-opacity\"\/>\n\n\n\n<h2 class=\"wp-block-heading\" id=\"h-zacnete-svou-cestu\"><strong>Za\u010dn\u011bte svou cestu<\/strong><\/h2>\n\n\n\n<p id=\"h-\">A\u0165 u\u017e chcete v\u00e9st lidi, budovat firmy, rozum\u011bt trh\u016fm, transformovat procesy nebo utv\u00e1\u0159et budoucnost organizac\u00ed, specializace MBA na UNYP v\u00e1m daj\u00ed n\u00e1stroje k definov\u00e1n\u00ed va\u0161\u00ed vlastn\u00ed cesty.<\/p>\n\n\n\n<div style=\"height:19px\" aria-hidden=\"true\" class=\"wp-block-spacer\"><\/div>\n\n\n\n<div class=\"wp-block-group content-block content-block--message is-style-question-box has-unyp-light-blue-background-color has-background is-layout-flow wp-block-group-is-layout-flow\">\n<h3 class=\"wp-block-heading\">M\u00e1te dotaz? Chcete podat p\u0159ihl\u00e1\u0161ku?<\/h3>\n\n\n\n<div class=\"wp-block-buttons is-layout-flex wp-block-buttons-is-layout-flex\">\n<div class=\"wp-block-button\"><a class=\"wp-block-button__link wp-element-button\" href=\"https:\/\/www.unyp.cz\/contact\/\">Kontaktujte n\u00e1s<\/a><\/div>\n\n\n\n<div class=\"wp-block-button is-style-btn-apply-online\"><a class=\"wp-block-button__link wp-element-button\" href=\"https:\/\/application.unyp.cz\/\" target=\"_blank\" rel=\"noreferrer noopener\"><span class=\"icon-student\"><\/span> P\u0159ihlaste se online<\/a><\/div>\n<\/div>\n<\/div>\n","protected":false},"excerpt":{"rendered":"<p>Rychl\u00e9 odkazy: P\u0159izp\u016fsobte sv\u00e9 MBA budoucnosti, kterou chcete Na UNYP nen\u00ed MBA univerz\u00e1ln\u00ed bal\u00ed\u010dek pro ka\u017ed\u00e9ho. Pot\u00e9, co si vybudujete pevn\u00e9 z\u00e1klady v hlavn\u00edch obchodn\u00edch discipl\u00edn\u00e1ch, si vyberete specializaci, kter\u00e1 v\u00e1m umo\u017en\u00ed prohloubit odborn\u00e9 znalosti v oblasti, kter\u00e1 v\u00e1s nejv\u00edce zaj\u00edm\u00e1 \u2013 a\u0165 u\u017e jde o veden\u00ed lid\u00ed, roz\u0161i\u0159ov\u00e1n\u00ed organizac\u00ed, \u0159\u00edzen\u00ed inovac\u00ed, porozum\u011bn\u00ed lidsk\u00e9mu chov\u00e1n\u00ed, [&hellip;]<\/p>\n","protected":false},"author":1,"featured_media":0,"parent":20171,"menu_order":0,"comment_status":"closed","ping_status":"closed","template":"","meta":{"_acf_changed":false,"inline_featured_image":false,"advgb_blocks_editor_width":"","advgb_blocks_columns_visual_guide":"","footnotes":""},"categories":[],"tags":[],"class_list":["post-20827","page","type-page","status-publish","hentry"],"acf":[],"mb":[],"coauthors":[],"author_meta":{"author_link":"https:\/\/www.unyp.cz\/cs\/author\/kucera-centario\/","display_name":"kucera.centario"},"relative_dates":{"created":"Posted 4 years ago","modified":"Updated 4 months ago"},"absolute_dates":{"created":"Posted on October 14, 2022","modified":"Updated on January 2, 2026"},"absolute_dates_time":{"created":"Posted on October 14, 2022 10:00 AM","modified":"Updated on January 2, 2026 5:11 PM"},"featured_img_caption":"","featured_img":false,"series_order":"","mfb_rest_fields":["title","coauthors","author_meta","relative_dates","absolute_dates","absolute_dates_time","featured_img_caption","featured_img","series_order"],"_links":{"self":[{"href":"https:\/\/www.unyp.cz\/cs\/wp-json\/wp\/v2\/pages\/20827","targetHints":{"allow":["GET"]}}],"collection":[{"href":"https:\/\/www.unyp.cz\/cs\/wp-json\/wp\/v2\/pages"}],"about":[{"href":"https:\/\/www.unyp.cz\/cs\/wp-json\/wp\/v2\/types\/page"}],"author":[{"embeddable":true,"href":"https:\/\/www.unyp.cz\/cs\/wp-json\/wp\/v2\/users\/1"}],"replies":[{"embeddable":true,"href":"https:\/\/www.unyp.cz\/cs\/wp-json\/wp\/v2\/comments?post=20827"}],"version-history":[{"count":16,"href":"https:\/\/www.unyp.cz\/cs\/wp-json\/wp\/v2\/pages\/20827\/revisions"}],"predecessor-version":[{"id":73055,"href":"https:\/\/www.unyp.cz\/cs\/wp-json\/wp\/v2\/pages\/20827\/revisions\/73055"}],"up":[{"embeddable":true,"href":"https:\/\/www.unyp.cz\/cs\/wp-json\/wp\/v2\/pages\/20171"}],"wp:attachment":[{"href":"https:\/\/www.unyp.cz\/cs\/wp-json\/wp\/v2\/media?parent=20827"}],"wp:term":[{"taxonomy":"category","embeddable":true,"href":"https:\/\/www.unyp.cz\/cs\/wp-json\/wp\/v2\/categories?post=20827"},{"taxonomy":"post_tag","embeddable":true,"href":"https:\/\/www.unyp.cz\/cs\/wp-json\/wp\/v2\/tags?post=20827"}],"curies":[{"name":"wp","href":"https:\/\/api.w.org\/{rel}","templated":true}]}}